{"id":7833,"date":"2024-04-01T13:02:04","date_gmt":"2024-04-01T11:02:04","guid":{"rendered":"https:\/\/konkret.shop\/faq-items\/miert-van-3-termekcsaladja-melyik-a-megfelelo-szamomra\/"},"modified":"2024-12-22T15:33:02","modified_gmt":"2024-12-22T13:33:02","slug":"miert-van-3-termekcsaladja-melyik-a-megfelelo-szamomra","status":"publish","type":"avada_faq","link":"https:\/\/konkret.shop\/hu\/faq-items\/miert-van-3-termekcsaladja-melyik-a-megfelelo-szamomra\/","title":{"rendered":"Mi\u00e9rt van 3 term\u00e9kcsal\u00e1dja? Melyik a megfelel\u0151 sz\u00e1momra?"},"content":{"rendered":"<div class=\"fusion-fullwidth fullwidth-box fusion-builder-row-1 fusion-flex-container has-pattern-background has-mask-background nonhundred-percent-fullwidth non-hundred-percent-height-scrolling\" style=\"--awb-border-radius-top-left:0px;--awb-border-radius-top-right:0px;--awb-border-radius-bottom-right:0px;--awb-border-radius-bottom-left:0px;--awb-flex-wrap:wrap;\" ><div class=\"fusion-builder-row fusion-row fusion-flex-align-items-flex-start fusion-flex-content-wrap\" style=\"max-width:1414.4px;margin-left: calc(-4% \/ 2 );margin-right: calc(-4% \/ 2 );\"><div class=\"fusion-layout-column fusion_builder_column fusion-builder-column-0 fusion_builder_column_1_1 1_1 fusion-flex-column\" style=\"--awb-bg-size:cover;--awb-width-large:100%;--awb-margin-top-large:0px;--awb-spacing-right-large:1.92%;--awb-margin-bottom-large:20px;--awb-spacing-left-large:1.92%;--awb-width-medium:100%;--awb-order-medium:0;--awb-spacing-right-medium:1.92%;--awb-spacing-left-medium:1.92%;--awb-width-small:100%;--awb-order-small:0;--awb-spacing-right-small:1.92%;--awb-spacing-left-small:1.92%;\"><div class=\"fusion-column-wrapper fusion-column-has-shadow fusion-flex-justify-content-flex-start fusion-content-layout-column\"><div class=\"fusion-text fusion-text-1\"><p>A pr\u00e9mium ker\u00edt\u00e9sek olyan lakoss\u00e1gi \u00fcgyfelek sz\u00e1m\u00e1ra alkalmasak, akik 60 m\u00e9teres hossz\u00fas\u00e1gig l\u00e1tv\u00e1nyos, modern, szuper kivitel\u0171 ker\u00edt\u00e9st szeretn\u00e9nek. A pr\u00e9mium ker\u00edt\u00e9sek betonb\u00f3l k\u00e9sz\u00fclnek, melyhez kiz\u00e1r\u00f3lag feh\u00e9r m\u00e1rv\u00e1ny adal\u00e9kanyagot, metakaolint \u00e9s a legmagasabb min\u0151s\u00e9g\u0171 feh\u00e9r cementet haszn\u00e1lunk. A standard ker\u00edt\u00e9sek a lakoss\u00e1gi \u00e9s kereskedelmi c\u00e9l\u00fa v\u00e1s\u00e1rl\u00f3k sz\u00e9les k\u00f6r\u00e9t fedik le, \u00e9s standard betonb\u00f3l k\u00e9sz\u00fclnek. Az \u00f6sszes Konkret Line ker\u00edt\u00e9s \u00e9lettartama t\u00f6bb mint 60 \u00e9v. Az ipari ker\u00edt\u00e9sek v\u00e1llalatok, logisztikai k\u00f6zpontok, ipari parkok, gy\u00e1rak, mez\u0151gazdas\u00e1gi \u00fczemek, katonai egys\u00e9gek stb. sz\u00e1m\u00e1ra k\u00e9sz\u00fcltek. Azoknak az \u00fcgyfeleknek, akik a hasznoss\u00e1got keresik, \u00e9s nem akarnak fel\u00e1rat fizetni a kifog\u00e1stalan megjelen\u00e9s\u00e9rt, a Konkret Line ipari ker\u00edt\u00e9seket \u00e1rul versenyk\u00e9pes \u00e1ron, nagy hossz\u00fas\u00e1gban \u00e9s gyors \u00f6sszeszerel\u00e9ssel.<\/p>\n<\/div><\/div><\/div><\/div><\/div>\n","protected":false},"excerpt":{"rendered":"","protected":false},"author":1,"featured_media":7835,"menu_order":0,"comment_status":"closed","ping_status":"closed","template":"","format":"standard","meta":{"footnotes":""},"faq_category":[],"class_list":["post-7833","avada_faq","type-avada_faq","status-publish","format-standard","has-post-thumbnail","hentry"],"_links":{"self":[{"href":"https:\/\/konkret.shop\/hu\/wp-json\/wp\/v2\/avada_faq\/7833","targetHints":{"allow":["GET"]}}],"collection":[{"href":"https:\/\/konkret.shop\/hu\/wp-json\/wp\/v2\/avada_faq"}],"about":[{"href":"https:\/\/konkret.shop\/hu\/wp-json\/wp\/v2\/types\/avada_faq"}],"author":[{"embeddable":true,"href":"https:\/\/konkret.shop\/hu\/wp-json\/wp\/v2\/users\/1"}],"replies":[{"embeddable":true,"href":"https:\/\/konkret.shop\/hu\/wp-json\/wp\/v2\/comments?post=7833"}],"version-history":[{"count":1,"href":"https:\/\/konkret.shop\/hu\/wp-json\/wp\/v2\/avada_faq\/7833\/revisions"}],"predecessor-version":[{"id":7838,"href":"https:\/\/konkret.shop\/hu\/wp-json\/wp\/v2\/avada_faq\/7833\/revisions\/7838"}],"wp:featuredmedia":[{"embeddable":true,"href":"https:\/\/konkret.shop\/hu\/wp-json\/wp\/v2\/media\/7835"}],"wp:attachment":[{"href":"https:\/\/konkret.shop\/hu\/wp-json\/wp\/v2\/media?parent=7833"}],"wp:term":[{"taxonomy":"faq_category","embeddable":true,"href":"https:\/\/konkret.shop\/hu\/wp-json\/wp\/v2\/faq_category?post=7833"}],"curies":[{"name":"wp","href":"https:\/\/api.w.org\/{rel}","templated":true}]}}